{"version":"1.0","provider_name":"k\u00fcsz\u00f6B","provider_url":"https:\/\/kuszob.cafeblog.hu","author_name":"Bagolyka","author_url":"https:\/\/kuszob.cafeblog.hu\/author\/bagolyka\/","title":"T\u00f3nusok, form\u00e1k, text\u00fara \u00e9s minta","html":"<p>Egy \u00a0\u00fajrahasznos\u00edtott cementlapokb\u00f3l \u00f6ssze\u00e1ll\u00edtott fal ihlette ezt a posztot, ahol a l\u00e1tv\u00e1ny annak ellen\u00e9re volt harmonikus, hogy a sz\u00ednek \u00e9s mint\u00e1k sokas\u00e1g\u00e1t helyezt\u00e9k sz\u00e9p sorba a falon.<\/p>\r\n<p>De mi adja a harm\u00f3ni\u00e1t? Mivel sz\u00e9ps\u00e9gr\u0151l \u00e9s \u00edzl\u00e9sr\u0151l van sz\u00f3, nincsenek objekt\u00edv v\u00e1laszok. Elm\u00e9letben k\u00fcl\u00f6nb\u00f6z\u0151 kateg\u00f3ri\u00e1kba foghat\u00f3 \u00f6ssze mindaz, ami egy \u00f6sszk\u00e9pet, egy szoba, egy lakr\u00e9sz, egy burkolat \u00f6ssze\u00e1ll\u00edt\u00e1s\u00e1t egys\u00e9gess\u00e9 teheti. Ezek pedig a minta, sz\u00ednek vagy t\u00f3nusok,\u00a0form\u00e1k, \u00e9s a text\u00fara. Min\u00e9l t\u00f6bb kateg\u00f3ria egys\u00e9ges, ann\u00e1l egyhang\u00fabb, konzervat\u00edvabb lesz a l\u00e1tv\u00e1ny. Ha az \u00f6sszes elt\u00e9r, nehezen tal\u00e1ljuk meg a harm\u00f3ni\u00e1t. Kett\u0151 vagy h\u00e1rom egys\u00e9g\u00e9vel viszont izgalmas \u00f6sszhat\u00e1st \u00e9rhet\u00fcnk el.<\/p>\r\n<p>A m\u00e1r eml\u00edtett patchwork cementlap fal j\u00f3 p\u00e9lda a m\u00e9ret, forma \u00e9s text\u00fara egys\u00e9g\u00e9re, ahol egy-egy visszat\u00e9r\u0151 mint\u00e1zat tov\u00e1bb er\u0151s\u00edti a l\u00e1tv\u00e1nyt.\u00a0 M\u00e1r kiss\u00e9 nehezebb a dolgunk, ha egy letisztultabb, egyszer\u0171bb verzi\u00f3t szeretn\u00e9nk. A gy\u00e1rt\u00f3k k\u00edn\u00e1lat\u00e1ban tal\u00e1lhatunk olyan sorozatokat, amelyekben hasonl\u00f3 sz\u00ednekben k\u00fcl\u00f6nb\u00f6z\u0151 mint\u00e1kat v\u00e1logattak \u00f6ssze, \u00edgy ezek kever\u00e9s\u00e9vel biztosra mehet\u00fcnk.<\/p>\r\n<p><img class=\"aligncenter size-full wp-image-1547\" src=\"https:\/\/kuszob.cafeblog.hu\/files\/2016\/05\/kuszob_harmonia11.jpg\" alt=\"kuszob_harmonia11\" width=\"983\" height=\"550\" \/><\/p>\r\n<p><a href=\"https:\/\/kuszob.cafeblog.hu\/files\/2016\/05\/kuszob_harmonia6.jpg\"><img class=\"aligncenter size-full wp-image-1553\" src=\"https:\/\/kuszob.cafeblog.hu\/files\/2016\/05\/kuszob_harmonia6.jpg\" alt=\"kuszob_harmonia6\" width=\"983\" height=\"352\" \/><\/a><\/p>\r\n<p><a href=\"https:\/\/kuszob.cafeblog.hu\/files\/2016\/05\/kuszob_harmonia1.jpg\"><img class=\"aligncenter size-full wp-image-1549\" src=\"https:\/\/kuszob.cafeblog.hu\/files\/2016\/05\/kuszob_harmonia1.jpg\" alt=\"kuszob_harmonia1\" width=\"983\" height=\"666\" \/><\/a><\/p>\r\n<p><a href=\"https:\/\/kuszob.cafeblog.hu\/files\/2016\/05\/kuszob_harmonia5.jpg\"><img class=\"aligncenter size-full wp-image-1552\" src=\"https:\/\/kuszob.cafeblog.hu\/files\/2016\/05\/kuszob_harmonia5.jpg\" alt=\"kuszob_harmonia5\" width=\"983\" height=\"666\" \/><\/a><\/p>\r\n<p>Nagyon izgalmas v\u00e9geredm\u00e9nyt \u00e9rhet\u00fcnk el, ha olyan csemp\u00e9t v\u00e1lasztunk, ahol a m\u00e9ret azonos, de a sz\u00ednek \u00e9s a text\u00fara k\u00fcl\u00f6nb\u00f6z\u0151ek, de j\u00e1t\u00e9kos hat\u00e1sa van a jobb oldali k\u00e9pnek is, ahol az elt\u00e9r\u0151 m\u00e9ret\u0171 \u00e9s alak\u00fa darabokat a sz\u00ednt\u00f3nus foglalja egys\u00e9gbe:<\/p>\r\n<p><a href=\"https:\/\/kuszob.cafeblog.hu\/files\/2016\/05\/kuszob_harmonia7.jpg\"><img class=\"aligncenter size-full wp-image-1554\" src=\"https:\/\/kuszob.cafeblog.hu\/files\/2016\/05\/kuszob_harmonia7.jpg\" alt=\"kuszob_harmonia7\" width=\"983\" height=\"666\" \/><\/a><\/p>\r\n<p>A sz\u00ednek harm\u00f3ni\u00e1ja azonban nem azonos sz\u00edneket, hanem hasonl\u00f3 karakter\u0171, t\u00f3nus\u00fa sz\u00edneket jelent. Ha minden egysz\u00edn\u0171, unalmas, lapos lesz az \u00f6sszhat\u00e1s. Azt a l\u00e1tv\u00e1nyt \u00e9rezz\u00fck a legharmonikusabbnak, ahol t\u00f6bb r\u00e9tege van a sz\u00ednek \u00e9s mint\u00e1k kevered\u00e9s\u00e9nek. Ebben az\u00a0enteri\u0151rben\u00a0p\u00e9ld\u00e1ul a pasztelles, nat\u00far \u00e1rnyalatok \u00e9s mint\u00e1k adnak kifinomult, letisztult k\u00e9pet:<\/p>\r\n<p><a href=\"https:\/\/kuszob.cafeblog.hu\/files\/2016\/05\/kuszob_harmonia3.jpg\"><img class=\"aligncenter size-full wp-image-1550\" src=\"https:\/\/kuszob.cafeblog.hu\/files\/2016\/05\/kuszob_harmonia3.jpg\" alt=\"kuszob_harmonia3\" width=\"983\" height=\"666\" \/><\/a><\/p>\r\n<p>A sz\u00ednek \u00f6sszefog\u00f3 erej\u00e9re egy izgalmas megold\u00e1s, ha mint\u00e1s \u00e9s egysz\u00edn\u0171, k\u00fcl\u00f6nb\u00f6z\u0151 text\u00far\u00e1j\u00fa anyagokat kombin\u00e1lunk. \u00a0A kevesebb sz\u00edn eleg\u00e1nsabb, \u00a0a t\u00f6bb vag\u00e1nyabb hat\u00e1st eredm\u00e9nyez:<\/p>\r\n<p><a href=\"https:\/\/kuszob.cafeblog.hu\/files\/2016\/05\/kuszob_harmonia9.jpg\"><img class=\"aligncenter size-full wp-image-1556\" src=\"https:\/\/kuszob.cafeblog.hu\/files\/2016\/05\/kuszob_harmonia9.jpg\" alt=\"kuszob_harmonia9\" width=\"983\" height=\"666\" \/><\/a><\/p>\r\n<p>Aki pedig m\u00e1r halad\u00f3 szintre vitte az anyagok, m\u00e9retek \u00e9s sz\u00ednek kever\u00e9s\u00e9t, pr\u00f3b\u00e1lkozzon a mint\u00e1kkal. Ha sz\u00ednben \u00e9s t\u00f3nusban egys\u00e9ges mint\u00e1zatokkal dolgozunk, eleg\u00e1ns hat\u00e1st \u00e9rhet\u00fcnk el, de el\u00fct\u0151ek kombin\u00e1l\u00e1s\u00e1val vadabb \u00f6sszk\u00e9pet kapunk:<\/p>\r\n<p><img class=\"aligncenter size-full wp-image-1548\" src=\"https:\/\/kuszob.cafeblog.hu\/files\/2016\/05\/kuszob_harmonia_2.jpg\" alt=\"kuszob_harmonia_2\" width=\"983\" height=\"666\" \/><\/p>\r\n<p><a href=\"https:\/\/kuszob.cafeblog.hu\/files\/2016\/05\/kuszob_harmonia10.jpg\"><img class=\"aligncenter size-full wp-image-1557\" src=\"https:\/\/kuszob.cafeblog.hu\/files\/2016\/05\/kuszob_harmonia10.jpg\" alt=\"kuszob_harmonia10\" width=\"983\" height=\"666\" \/><\/a><\/p>\r\n<p>Kor\u00e1bban \u00edrtam m\u00e1r a <a href=\"https:\/\/kuszob.cafeblog.hu\/2016\/03\/06\/szaten-gyongy-csipke-es-fegyverladak\/\">feh\u00e9r egys\u00e9ges\u00edt\u0151 erej\u00e9r\u0151l<\/a>. Ha sz\u00ednes t\u00e1rgyakat szeretn\u00e9nk halmozni, vagy soksz\u00edn\u0171 p\u00e1rn\u00e1kkal, textilekkel d\u00edsz\u00edtj\u00fck otthonunkat, \u00e9rdemes feh\u00e9r, vagy t\u00f6rtfeh\u00e9r falakkal kiemelni a sz\u00ednek kavalk\u00e1dj\u00e1t. Ez az enteri\u0151r szerintem sokkal jobban m\u0171k\u00f6dne feh\u00e9r falakkal, \u00e9s vil\u00e1gosabb, neutr\u00e1lisabb sz\u00edn\u0171 kanap\u00e9val:<\/p>\r\n<p><img class=\"aligncenter size-full wp-image-1551\" src=\"https:\/\/kuszob.cafeblog.hu\/files\/2016\/05\/kuszob_harmonia4.jpg\" alt=\"kuszob_harmonia4\" width=\"983\" height=\"666\" \/><\/p>\r\n<p>Nevezzetek konzervat\u00edvnak, de sz\u00e1momra a sz\u00ednek, form\u00e1k \u00e9s mint\u00e1k kever\u00e9se m\u00e1r t\u00fal sok. \u00c9s neh\u00e9z v\u00e1ltoztatni is, hiszen mondjuk egy d\u00edszp\u00e1rna lecser\u00e9l\u00e9s\u00e9vel nem v\u00e1ltozik meg az \u00f6sszhat\u00e1s. Teh\u00e1t \u00fagy gondolom k\u00f6lts\u00e9ghat\u00e9konyabb ebben az esetben egyszer\u0171bbnek lenni.\u00a0 De \u00edzl\u00e9sek, \u00e9s pofonok\u2026 a l\u00e9nyeg, hogy merj\u00fcnk kombin\u00e1lni, mert t\u00f6bbf\u00e9le harm\u00f3nia l\u00e9tezik. J\u00f3 k\u00eds\u00e9rletezget\u00e9st!<\/p>\r\n<p>K\u00e9pek: saj\u00e1t, <a href=\"https:\/\/hu.pinterest.com\/\">Pinterest<\/a>,\u00a0<a href=\"http:\/\/www.patakitiles.com\" target=\"_blank\">Pataki Tiles<\/a><\/p>","type":"rich"}