{"version":"1.0","provider_name":"k\u00fcsz\u00f6B","provider_url":"https:\/\/kuszob.cafeblog.hu","author_name":"TT","author_url":"https:\/\/kuszob.cafeblog.hu\/author\/tt\/","title":"Lak\u00f3haj\u00f3 kil\u00e1t\u00e1ssal","html":"<p>Ha net\u00e1n Amszterdamba terveztek egy p\u00e1r napos kiruccan\u00e1st, akkor nemcsak sz\u00e1razf\u00f6ldi sz\u00e1ll\u00e1slehet\u0151s\u00e9gekben lehet gondolkozni, hiszen a kan\u00e1lisok tele vannak jobbn\u00e1l jobb kiad\u00f3 lak\u00f3haj\u00f3kkal.<\/p>\r\n<p>Hugo nekem az\u00e9rt is tetszett meg annyira, mert abszol\u00fat a K\u00fcsz\u00f6b \u00e9rt\u00e9keit k\u00e9pviseli: egyszer\u0171, \u00e1m st\u00edlusos berendez\u00e9s, \u00f6tletes,\u00a0k\u00f6lts\u00e9ghat\u00e9kony megold\u00e1sokkal, p\u00e1r napos tart\u00f3zkod\u00e1sra ide\u00e1lis. A piros sz\u00edn dominanci\u00e1ja szinte mindegyik helyis\u00e9gben fellelhet\u0151, sz\u00e9pen \u00f6sszehangolja egym\u00e1ssal azokat. A pirosat a galambsz\u00fcrke \u00e9s a h\u00f3feh\u00e9r sz\u00ednek eg\u00e9sz\u00edtik ki.<\/p>\r\n<p>A h\u00e1l\u00f3szob\u00e1ban a feh\u00e9r \u00e1gyat egy sz\u00fcrke l\u00e1d\u00e1val \u00e9s egy piros sz\u00e9kkel\u00a0kombin\u00e1lt\u00e1k.\u00a0A k\u00e9peket az \u00e1gy f\u00f6l\u00e9 f\u00fart polcokon helyezt\u00e9k el, hanyagul a falnak d\u00f6ntve, hogy <a href=\"https:\/\/kuszob.cafeblog.hu\/2016\/09\/11\/tukrom-tukrom\/\">\u00c1gi kedvenc praktik\u00e1j\u00e1t<\/a>\u00a0id\u00e9zzem.\u00a0A nat\u00far sz\u00edn\u0171 t\u00f6m\u00f6rfa \u00e9tkez\u0151asztalt piros design sz\u00e9kek veszik k\u00f6r\u00fcl, a megvil\u00e1g\u00edt\u00e1sr\u00f3l IKEA f\u00fcggeszt\u00e9kek gondoskodnak. A sz\u00fcrk\u00e9re \u00e9s feh\u00e9rre hangolt konyha megjelen\u00e9s\u00e9be tarka mozaik csemp\u00e9k visznek egy kis j\u00e1t\u00e9koss\u00e1got.\u00a0A haj\u00f3n hatalmas ablakok k\u00f6tik \u00f6ssze a kintet a benttel, a lak\u00f3kat szinte beemelik a term\u00e9szetbe,\u00a0itt m\u00e9g az is\u00a0 megt\u00f6rt\u00e9nhet, hogy a reggeli k\u00e1v\u00e9z\u00e1s sor\u00e1n bek\u00f6sz\u00f6n az ablakon egy hatty\u00fa vagy egy kacsa.<\/p>\r\n<p><a href=\"https:\/\/kuszob.cafeblog.hu\/files\/2016\/10\/Nevtelen.jpg\"><img class=\"aligncenter size-full wp-image-2654\" src=\"https:\/\/kuszob.cafeblog.hu\/files\/2016\/10\/Nevtelen.jpg\" alt=\"nevtelen\" width=\"480\" height=\"319\" \/><\/a><\/p>\r\n<p><a href=\"https:\/\/kuszob.cafeblog.hu\/files\/2016\/10\/Nevtelen3.jpg\"><img class=\"aligncenter size-full wp-image-2656\" src=\"https:\/\/kuszob.cafeblog.hu\/files\/2016\/10\/Nevtelen3.jpg\" alt=\"nevtelen3\" width=\"480\" height=\"321\" \/><\/a><\/p>\r\n<p><a href=\"https:\/\/kuszob.cafeblog.hu\/files\/2016\/10\/Nevtelen2.jpg\"><img class=\"aligncenter size-full wp-image-2655\" src=\"https:\/\/kuszob.cafeblog.hu\/files\/2016\/10\/Nevtelen2.jpg\" alt=\"nevtelen2\" width=\"480\" height=\"320\" \/><\/a><\/p>\r\n<p><a href=\"https:\/\/kuszob.cafeblog.hu\/files\/2016\/10\/Nevtelen5.jpg\"><img class=\"aligncenter size-full wp-image-2658\" src=\"https:\/\/kuszob.cafeblog.hu\/files\/2016\/10\/Nevtelen5.jpg\" alt=\"nevtelen5\" width=\"480\" height=\"322\" \/><\/a><\/p>\r\n<p><a href=\"https:\/\/kuszob.cafeblog.hu\/files\/2016\/10\/Nevtelen4.jpg\"><img class=\"aligncenter size-full wp-image-2657\" src=\"https:\/\/kuszob.cafeblog.hu\/files\/2016\/10\/Nevtelen4.jpg\" alt=\"nevtelen4\" width=\"480\" height=\"319\" \/><\/a><\/p>\r\n<p><a href=\"https:\/\/kuszob.cafeblog.hu\/files\/2016\/10\/Nevtelen6.jpg\"><img class=\"aligncenter size-full wp-image-2659\" src=\"https:\/\/kuszob.cafeblog.hu\/files\/2016\/10\/Nevtelen6.jpg\" alt=\"nevtelen6\" width=\"480\" height=\"320\" \/><\/a><\/p>\r\n<p><a href=\"https:\/\/kuszob.cafeblog.hu\/files\/2016\/10\/Nevtelen7.jpg\"><img class=\"aligncenter size-full wp-image-2660\" src=\"https:\/\/kuszob.cafeblog.hu\/files\/2016\/10\/Nevtelen7.jpg\" alt=\"nevtelen7\" width=\"480\" height=\"359\" \/><\/a><\/p>\r\n<p>&nbsp;<\/p>\r\n<p>Forr\u00e1s: <a href=\"http:\/\/www.houseboatrental.amsterdam\/houseboat-hugo-warm-on-the-water\" target=\"_blank\">Houseboat Rental\u00a0<\/a><\/p>\r\n<p>&nbsp;<\/p>","type":"rich","thumbnail_url":"https:\/\/kuszob.cafeblog.hu\/files\/2016\/10\/Nevtelen2-150x150.jpg","thumbnail_width":150,"thumbnail_height":150}